{"id":10021,"date":"2024-04-16T15:35:52","date_gmt":"2024-04-16T15:35:52","guid":{"rendered":"https:\/\/www.nataliallunar.com\/?post_type=product&#038;p=10021"},"modified":"2024-04-16T15:57:46","modified_gmt":"2024-04-16T15:57:46","slug":"camiseta-original-ecologica-de-algodon-organico-220gr","status":"publish","type":"product","link":"https:\/\/www.nataliallunar.com\/?product=camiseta-original-ecologica-de-algodon-organico-220gr","title":{"rendered":"CAMISETA de algod\u00f3n org\u00e1nico\/personalizada\/impresi\u00f3n digital por un lado CAMISETA de algod\u00f3n org\u00e1nico\/personalizada\/impresi\u00f3n digital por un lado  \u00bb \u00abDIAS DE REMEMBER\u00bb"},"content":{"rendered":"<p><span style=\"color: #ff0000;\"><strong>IMPORTANTE<\/strong><\/span><span><span style=\"color: #ff0000;\">:<\/span> Se ruega comprobar las medidas , tallas y colores antes de la realizaci\u00f3n del pago del pedido. Una vez pagado o enviado ya\u00a0<\/span><span style=\"color: #ff0000;\"><strong>no se aceptaran cambios\u00a0 ni devoluciones<\/strong><\/span><span>. Cada talla, modelo, dise\u00f1o y color se personalizan en exclusiva\u00a0 al cliente.<\/span><\/p>\n<p><strong>Camiseta unisex<\/strong>\u00a0 100% sostenible \u00a1se eco-friendly!, ecol\u00f3gica y de alta calidad.<strong><span>\u00a0<\/span>Impresi\u00f3n digital por 1 lado<\/strong><\/p>\n<p><em>Ediciones limitadas a 30 Unidades por dise\u00f1o<\/em><\/p>\n<p>Empieza a vestir de forma sostenible, seamos conscientes del medio ambiente, preocup\u00e9monos tanto de como nos movemos, como comemos y como nos vestimos.<\/p>\n<p><strong>COLORES DISPONIBLES<\/strong><\/p>\n<p>AZUL NAVY | BLANCO | GLAZED GREEN |\u00a0 NEGRO | BURDEOS |NATURAL<\/p>\n<h6><span style=\"vertical-align: inherit;\">CARACTERISTICAS TECNICAS<\/span><\/h6>\n<ul>\n<li>100% algod\u00f3n org\u00e1nico hilado y peinado, para mayor suavidad. PET<\/li>\n<li><strong><span style=\"vertical-align: inherit;\">180GR o 220g\/m2<\/span><\/strong><\/li>\n<li><span style=\"vertical-align: inherit;\">Huella de la manga<\/span><\/li>\n<li>Corte normal<\/li>\n<li>Cuello de canal\u00e9 1&#215;1<\/li>\n<li>Bies interior de tejido con el color de la prenda en el cuello<\/li>\n<li>Para los pu\u00f1os y bajos, puntada doble ancha<\/li>\n<\/ul>\n<h6>GU\u00cdA DE TALLAS<span>\u00a0<\/span><strong>CAMISETA DE ALGOD\u00d3N ORG\u00c1NICO\u00a0 unisex MANGA CORTA PREMIUM en 180 gr.\u00a0<\/strong><\/h6>\n<div class=\"container-tabla-tallas\">\n<table class=\"tabla-tallas\">\n<thead>\n<tr>\n<th style=\"text-align: left;\"><span style=\"vertical-align: inherit;\">Talla<\/span><\/th>\n<th style=\"text-align: left;\"><span class=\"xs-hidden\">Medidas<\/span>A (cm)<\/th>\n<th style=\"text-align: left;\"><span class=\"xs-hidden\"><span style=\"vertical-align: inherit;\">Medidas<\/span><\/span><span style=\"vertical-align: inherit;\"> B (cm)<\/span><\/th>\n<\/tr>\n<\/thead>\n<tbody>\n<tr>\n<td><strong><span style=\"vertical-align: inherit;\">XS<\/span><\/strong><\/td>\n<td><span style=\"vertical-align: inherit;\">66<\/span><\/td>\n<td><span style=\"vertical-align: inherit;\">46<\/span><\/td>\n<\/tr>\n<tr>\n<td><strong><span style=\"vertical-align: inherit;\">S<\/span><\/strong><\/td>\n<td><span style=\"vertical-align: inherit;\">69<\/span><\/td>\n<td><span style=\"vertical-align: inherit;\">49<\/span><\/td>\n<\/tr>\n<tr>\n<td><strong><span style=\"vertical-align: inherit;\">M<\/span><\/strong><\/td>\n<td><span style=\"vertical-align: inherit;\">72<\/span><\/td>\n<td><span style=\"vertical-align: inherit;\">52<\/span><\/td>\n<\/tr>\n<tr>\n<td><strong><span style=\"vertical-align: inherit;\">L<\/span><\/strong><\/td>\n<td><span style=\"vertical-align: inherit;\">74<\/span><\/td>\n<td><span style=\"vertical-align: inherit;\">55<\/span><\/td>\n<\/tr>\n<tr>\n<td><strong><span style=\"vertical-align: inherit;\">XL<\/span><\/strong><\/td>\n<td><span style=\"vertical-align: inherit;\">76<\/span><\/td>\n<td><span style=\"vertical-align: inherit;\">58<\/span><\/td>\n<\/tr>\n<tr>\n<td><strong><span style=\"vertical-align: inherit;\">XXL<\/span><\/strong><\/td>\n<td><span style=\"vertical-align: inherit;\">78<\/span><\/td>\n<td><span style=\"vertical-align: inherit;\">61<\/span><\/td>\n<\/tr>\n<\/tbody>\n<\/table>\n<p><img loading=\"lazy\" loading=\"lazy\" decoding=\"async\" data-src=\"https:\/\/www.crealo.es\/img\/cms\/tabla-de-tallas\/180-camiseta-nino-manga-corta_2.jpg\" alt=\"\" width=\"184\" height=\"184\" src=\"data:image\/gif;base64,R0lGODlhAQABAAAAACH5BAEKAAEALAAAAAABAAEAAAICTAEAOw==\" class=\"lazyload\" style=\"--smush-placeholder-width: 184px; --smush-placeholder-aspect-ratio: 184\/184;\" \/><noscript><img loading=\"lazy\" loading=\"lazy\" decoding=\"async\" src=\"https:\/\/www.crealo.es\/img\/cms\/tabla-de-tallas\/180-camiseta-nino-manga-corta_2.jpg\" alt=\"\" width=\"184\" height=\"184\" \/><\/noscript><\/p>\n<p><span style=\"color: #333333;\">Las medidas de las tallas pueden variar +- 2cm x ancho y\/o alto.<\/span><\/p>\n<h6>GU\u00cdA DE TALLAS <strong>CAMISETA DE ALGOD\u00d3N ORG\u00c1NICO unisex\u00a0 MANGA CORTA PREMIUM en 220 gr<\/strong><\/h6>\n<\/div>\n<table width=\"485\">\n<tbody>\n<tr>\n<td width=\"116\"><\/td>\n<td width=\"47\"><strong>XXS<\/strong><\/td>\n<td width=\"46\"><strong>XS<\/strong><\/td>\n<td width=\"46\"><strong>S<\/strong><\/td>\n<td width=\"46\"><strong>M<\/strong><\/td>\n<td width=\"46\"><strong>L<\/strong><\/td>\n<td width=\"46\"><strong>XL<\/strong><\/td>\n<td width=\"46\"><strong>XXL<\/strong><\/td>\n<td width=\"46\"><strong>3XL<\/strong><\/td>\n<\/tr>\n<tr>\n<td width=\"116\"><strong>Ancho\u00a0 B<\/strong><\/td>\n<td width=\"47\">47,5<\/td>\n<td width=\"46\">49,5<\/td>\n<td width=\"46\">51,5<\/td>\n<td width=\"46\">55,5<\/td>\n<td width=\"46\">58,5<\/td>\n<td width=\"46\">61,5<\/td>\n<td width=\"46\">66,5<\/td>\n<td width=\"46\">69,5<\/td>\n<\/tr>\n<tr>\n<td width=\"116\"><strong>Alto\u00a0 A<\/strong><\/td>\n<td width=\"47\">64<\/td>\n<td width=\"46\">67<\/td>\n<td width=\"46\">71<\/td>\n<td width=\"46\">75<\/td>\n<td width=\"46\">77<\/td>\n<td width=\"46\">79<\/td>\n<td width=\"46\">81<\/td>\n<td width=\"46\">83<\/td>\n<\/tr>\n<tr>\n<td width=\"116\"><strong>Manga<\/strong><\/td>\n<td width=\"47\">20<\/td>\n<td width=\"46\">21<\/td>\n<td width=\"46\">22,5<\/td>\n<td width=\"46\">24<\/td>\n<td width=\"46\">24,5<\/td>\n<td width=\"46\">25<\/td>\n<td width=\"46\">25,5<\/td>\n<td width=\"46\">26<\/td>\n<\/tr>\n<\/tbody>\n<\/table>\n<p><span style=\"color: #333333;\">Las medidas de las tallas pueden variar +- 2cm x ancho y\/o alto.<\/span><\/p>\n<p>*Medir verticalmente desde la parte m\u00e1s alta de la camiseta hasta abajo y de ancho de sisa a sisa<\/p>\n<h6>GU\u00cdA DE TALLAS<span>\u00a0<\/span><strong>CAMISETA DE ALGOD\u00d3N ORG\u00c1NICO\u00a0 unisex MANGA CORTA\u00a0 INFANTIL en\u00a0 180gr<\/strong><\/h6>\n<div class=\"container-tabla-tallas\">\n<table class=\"tabla-tallas\">\n<thead>\n<tr>\n<th><span style=\"vertical-align: inherit;\">Talla<\/span><\/th>\n<th style=\"text-align: left;\"><span class=\"xs-hidden\"><span style=\"vertical-align: inherit;\">\u00a0 \u00a0 \u00a0 \u00a0 \u00a0 \u00a0 \u00a0 \u00a0 \u00a0 Medidas\u00a0 <\/span><\/span><span style=\"vertical-align: inherit;\">A (cm)<\/span><span>\u00a0<\/span><span style=\"vertical-align: inherit;\"><\/span><\/th>\n<th style=\"text-align: left;\"><span class=\"xs-hidden\"><span style=\"vertical-align: inherit;\">Medidas<\/span><\/span><span style=\"vertical-align: inherit;\"> B (cm)<\/span><span>\u00a0<\/span><span style=\"vertical-align: inherit;\"><\/span><\/th>\n<\/tr>\n<\/thead>\n<tbody>\n<tr>\n<td><b><span style=\"vertical-align: inherit;\">3-4<\/span><\/b><\/td>\n<td><span style=\"vertical-align: inherit;\">\u00a0 \u00a0 \u00a0 \u00a0 \u00a0 \u00a0 \u00a0 \u00a0 \u00a0 \u00a0 \u00a0 \u00a0 \u00a0 42<\/span><\/td>\n<td><span style=\"vertical-align: inherit;\">33<\/span><\/td>\n<\/tr>\n<tr>\n<td><b><span style=\"vertical-align: inherit;\">5-6<\/span><\/b><\/td>\n<td><span style=\"vertical-align: inherit;\">\u00a0 \u00a0 \u00a0 \u00a0 \u00a0 \u00a0 \u00a0 \u00a0 \u00a0 \u00a0 \u00a0 \u00a0 \u00a0 46<\/span><\/td>\n<td><span style=\"vertical-align: inherit;\">35<\/span><\/td>\n<\/tr>\n<tr>\n<td><b><span style=\"vertical-align: inherit;\">7-8<\/span><\/b><\/td>\n<td><span style=\"vertical-align: inherit;\">\u00a0 \u00a0 \u00a0 \u00a0 \u00a0 \u00a0 \u00a0 \u00a0 \u00a0 \u00a0 \u00a0 \u00a0 \u00a051,5<\/span><\/td>\n<td><span style=\"vertical-align: inherit;\">37<\/span><\/td>\n<\/tr>\n<tr>\n<td><b><span style=\"vertical-align: inherit;\">9-11<\/span><\/b><\/td>\n<td><span style=\"vertical-align: inherit;\">\u00a0 \u00a0 \u00a0 \u00a0 \u00a0 \u00a0 \u00a0 \u00a0 \u00a0 \u00a0 \u00a0 \u00a0 \u00a057,5<\/span><\/td>\n<td><span style=\"vertical-align: inherit;\">41<\/span><\/td>\n<\/tr>\n<tr>\n<td><b><span style=\"vertical-align: inherit;\">12-14<\/span><\/b><\/td>\n<td><span style=\"vertical-align: inherit;\">\u00a0 \u00a0 \u00a0 \u00a0 \u00a0 \u00a0 \u00a0 \u00a0 \u00a0 \u00a0 \u00a0 \u00a0 \u00a062,5<\/span><\/td>\n<td><span style=\"vertical-align: inherit;\">44<\/span><\/td>\n<\/tr>\n<\/tbody>\n<\/table>\n<p><img decoding=\"async\" data-src=\"https:\/\/www.crealo.es\/img\/cms\/tabla-de-tallas\/180-camiseta-nino-manga-corta_2.jpg\" alt=\"\" width=\"184\" height=\"184\" src=\"data:image\/gif;base64,R0lGODlhAQABAAAAACH5BAEKAAEALAAAAAABAAEAAAICTAEAOw==\" class=\"lazyload\" style=\"--smush-placeholder-width: 184px; --smush-placeholder-aspect-ratio: 184\/184;\" \/><noscript><img decoding=\"async\" src=\"https:\/\/www.crealo.es\/img\/cms\/tabla-de-tallas\/180-camiseta-nino-manga-corta_2.jpg\" alt=\"\" width=\"184\" height=\"184\" \/><\/noscript><\/p>\n<div class=\"tabla-tallas-img\"><\/div>\n<\/div>\n<p><span style=\"vertical-align: inherit;\">Las medidas de las tallas pueden variar +- 2cm x ancho y\/o alto.<\/span><\/p>\n<p><span style=\"vertical-align: inherit;\">*Medir verticalmente desde la parte m\u00e1s alta de la camiseta hasta abajo y de ancho de sisa a sisa<\/span><\/p>\n","protected":false},"excerpt":{"rendered":"<p>IMPORTANTE: Se ruega comprobar las medidas , tallas y colores antes de la realizaci\u00f3n del pago del pedido. Una vez pagado o enviado ya\u00a0no se aceptaran cambios\u00a0 ni devoluciones. Cada talla, modelo, dise\u00f1o y color se personalizan en exclusiva\u00a0 al cliente. Camiseta unisex\u00a0 100% sostenible \u00a1se eco-friendly!, ecol\u00f3gica y de [&hellip;]<\/p>\n","protected":false},"featured_media":10027,"comment_status":"open","ping_status":"closed","template":"","meta":{"_monsterinsights_skip_tracking":false,"_monsterinsights_sitenote_active":false,"_monsterinsights_sitenote_note":"","_monsterinsights_sitenote_category":0,"_themeisle_gutenberg_block_has_review":false,"_ti_tpc_template_sync":false,"_ti_tpc_template_id":""},"product_cat":[91,93],"product_tag":[],"class_list":{"0":"post-10021","1":"product","2":"type-product","3":"status-publish","4":"has-post-thumbnail","6":"product_cat-11alley-inspirational-design","7":"product_cat-camisetas-personalizadas-impresion-digital","9":"first","10":"instock","11":"sale","12":"taxable","13":"shipping-taxable","14":"purchasable","15":"product-type-variable"},"yoast_head":"<!-- This site is optimized with the Yoast SEO plugin v22.8 - https:\/\/yoast.com\/wordpress\/plugins\/seo\/ -->\n<title>CAMISETA de algod\u00f3n org\u00e1nico\/personalizada\/impresi\u00f3n digital por un lado CAMISETA de algod\u00f3n org\u00e1nico\/personalizada\/impresi\u00f3n digital por un lado \u00bb &quot;DIAS DE REMEMBER&quot; - Natalia LLuNar<\/title>\n<meta name=\"description\" content=\"Camiseta original de algod\u00f3n org\u00e1nico, personalizada con impresi\u00f3n digital | Eco-friendly | Calidad premium | Edici\u00f3n limitada | Gij\u00f3n | Asturias\" \/>\n<meta name=\"robots\" content=\"index, follow, max-snippet:-1, max-image-preview:large, max-video-preview:-1\" \/>\n<link rel=\"canonical\" href=\"https:\/\/www.nataliallunar.com\/?product=camiseta-original-ecologica-de-algodon-organico-220gr\" \/>\n<meta property=\"og:locale\" content=\"es_ES\" \/>\n<meta property=\"og:type\" content=\"article\" \/>\n<meta property=\"og:title\" content=\"CAMISETA de algod\u00f3n org\u00e1nico\/personalizada\/impresi\u00f3n digital por un lado CAMISETA de algod\u00f3n org\u00e1nico\/personalizada\/impresi\u00f3n digital por un lado \u00bb &quot;DIAS DE REMEMBER&quot; - Natalia LLuNar\" \/>\n<meta property=\"og:description\" content=\"Camiseta original de algod\u00f3n org\u00e1nico, personalizada con impresi\u00f3n digital | Eco-friendly | Calidad premium | Edici\u00f3n limitada | Gij\u00f3n | Asturias\" \/>\n<meta property=\"og:url\" content=\"https:\/\/www.nataliallunar.com\/?product=camiseta-original-ecologica-de-algodon-organico-220gr\" \/>\n<meta property=\"og:site_name\" content=\"Natalia LLuNar\" \/>\n<meta property=\"article:modified_time\" content=\"2024-04-16T15:57:46+00:00\" \/>\n<meta property=\"og:image\" content=\"https:\/\/www.nataliallunar.com\/wp-content\/uploads\/2024\/04\/DIAS-DE-REMEMBER-negra-1.jpg\" \/>\n\t<meta property=\"og:image:width\" content=\"777\" \/>\n\t<meta property=\"og:image:height\" content=\"822\" \/>\n\t<meta property=\"og:image:type\" content=\"image\/jpeg\" \/>\n<meta name=\"twitter:card\" content=\"summary_large_image\" \/>\n<meta name=\"twitter:label1\" content=\"Tiempo de lectura\" \/>\n\t<meta name=\"twitter:data1\" content=\"3 minutos\" \/>\n<script type=\"application\/ld+json\" class=\"yoast-schema-graph\">{\"@context\":\"https:\/\/schema.org\",\"@graph\":[{\"@type\":\"WebPage\",\"@id\":\"https:\/\/www.nataliallunar.com\/?product=camiseta-original-ecologica-de-algodon-organico-220gr\",\"url\":\"https:\/\/www.nataliallunar.com\/?product=camiseta-original-ecologica-de-algodon-organico-220gr\",\"name\":\"CAMISETA de algod\u00f3n org\u00e1nico\/personalizada\/impresi\u00f3n digital por un lado CAMISETA de algod\u00f3n org\u00e1nico\/personalizada\/impresi\u00f3n digital por un lado \u00bb \\\"DIAS DE REMEMBER\\\" - Natalia LLuNar\",\"isPartOf\":{\"@id\":\"https:\/\/www.nataliallunar.com\/#website\"},\"primaryImageOfPage\":{\"@id\":\"https:\/\/www.nataliallunar.com\/?product=camiseta-original-ecologica-de-algodon-organico-220gr#primaryimage\"},\"image\":{\"@id\":\"https:\/\/www.nataliallunar.com\/?product=camiseta-original-ecologica-de-algodon-organico-220gr#primaryimage\"},\"thumbnailUrl\":\"https:\/\/www.nataliallunar.com\/wp-content\/uploads\/2024\/04\/DIAS-DE-REMEMBER-negra-1.jpg\",\"datePublished\":\"2024-04-16T15:35:52+00:00\",\"dateModified\":\"2024-04-16T15:57:46+00:00\",\"description\":\"Camiseta original de algod\u00f3n org\u00e1nico, personalizada con impresi\u00f3n digital | Eco-friendly | Calidad premium | Edici\u00f3n limitada | Gij\u00f3n | Asturias\",\"breadcrumb\":{\"@id\":\"https:\/\/www.nataliallunar.com\/?product=camiseta-original-ecologica-de-algodon-organico-220gr#breadcrumb\"},\"inLanguage\":\"es\",\"potentialAction\":[{\"@type\":\"ReadAction\",\"target\":[\"https:\/\/www.nataliallunar.com\/?product=camiseta-original-ecologica-de-algodon-organico-220gr\"]}]},{\"@type\":\"ImageObject\",\"inLanguage\":\"es\",\"@id\":\"https:\/\/www.nataliallunar.com\/?product=camiseta-original-ecologica-de-algodon-organico-220gr#primaryimage\",\"url\":\"https:\/\/www.nataliallunar.com\/wp-content\/uploads\/2024\/04\/DIAS-DE-REMEMBER-negra-1.jpg\",\"contentUrl\":\"https:\/\/www.nataliallunar.com\/wp-content\/uploads\/2024\/04\/DIAS-DE-REMEMBER-negra-1.jpg\",\"width\":777,\"height\":822,\"caption\":\"camiseta original 11 Alley especial impresa a una cara mujer mujer bailando con pelayo asturias\"},{\"@type\":\"BreadcrumbList\",\"@id\":\"https:\/\/www.nataliallunar.com\/?product=camiseta-original-ecologica-de-algodon-organico-220gr#breadcrumb\",\"itemListElement\":[{\"@type\":\"ListItem\",\"position\":1,\"name\":\"Portada\",\"item\":\"https:\/\/www.nataliallunar.com\/\"},{\"@type\":\"ListItem\",\"position\":2,\"name\":\"Shop\",\"item\":\"https:\/\/www.nataliallunar.com\/?page_id=53\"},{\"@type\":\"ListItem\",\"position\":3,\"name\":\"CAMISETA de algod\u00f3n org\u00e1nico\/personalizada\/impresi\u00f3n digital por un lado CAMISETA de algod\u00f3n org\u00e1nico\/personalizada\/impresi\u00f3n digital por un lado \u00bb \u00abDIAS DE REMEMBER\u00bb\"}]},{\"@type\":\"WebSite\",\"@id\":\"https:\/\/www.nataliallunar.com\/#website\",\"url\":\"https:\/\/www.nataliallunar.com\/\",\"name\":\"Natalia LLuNar\",\"description\":\"Dise&ntilde;o textil sostenible, reversible y modular\",\"publisher\":{\"@id\":\"https:\/\/www.nataliallunar.com\/#organization\"},\"potentialAction\":[{\"@type\":\"SearchAction\",\"target\":{\"@type\":\"EntryPoint\",\"urlTemplate\":\"https:\/\/www.nataliallunar.com\/?s={search_term_string}\"},\"query-input\":\"required name=search_term_string\"}],\"inLanguage\":\"es\"},{\"@type\":\"Organization\",\"@id\":\"https:\/\/www.nataliallunar.com\/#organization\",\"name\":\"Natalia LLuNar\",\"url\":\"https:\/\/www.nataliallunar.com\/\",\"logo\":{\"@type\":\"ImageObject\",\"inLanguage\":\"es\",\"@id\":\"https:\/\/www.nataliallunar.com\/#\/schema\/logo\/image\/\",\"url\":\"https:\/\/www.nataliallunar.com\/wp-content\/uploads\/2022\/07\/logo-web-rojo-verde-1.png\",\"contentUrl\":\"https:\/\/www.nataliallunar.com\/wp-content\/uploads\/2022\/07\/logo-web-rojo-verde-1.png\",\"width\":145,\"height\":48,\"caption\":\"Natalia LLuNar\"},\"image\":{\"@id\":\"https:\/\/www.nataliallunar.com\/#\/schema\/logo\/image\/\"}}]}<\/script>\n<!-- \/ Yoast SEO plugin. -->","yoast_head_json":{"title":"CAMISETA de algod\u00f3n org\u00e1nico\/personalizada\/impresi\u00f3n digital por un lado CAMISETA de algod\u00f3n org\u00e1nico\/personalizada\/impresi\u00f3n digital por un lado \u00bb \"DIAS DE REMEMBER\" - Natalia LLuNar","description":"Camiseta original de algod\u00f3n org\u00e1nico, personalizada con impresi\u00f3n digital | Eco-friendly | Calidad premium | Edici\u00f3n limitada | Gij\u00f3n | Asturias","robots":{"index":"index","follow":"follow","max-snippet":"max-snippet:-1","max-image-preview":"max-image-preview:large","max-video-preview":"max-video-preview:-1"},"canonical":"https:\/\/www.nataliallunar.com\/?product=camiseta-original-ecologica-de-algodon-organico-220gr","og_locale":"es_ES","og_type":"article","og_title":"CAMISETA de algod\u00f3n org\u00e1nico\/personalizada\/impresi\u00f3n digital por un lado CAMISETA de algod\u00f3n org\u00e1nico\/personalizada\/impresi\u00f3n digital por un lado \u00bb \"DIAS DE REMEMBER\" - Natalia LLuNar","og_description":"Camiseta original de algod\u00f3n org\u00e1nico, personalizada con impresi\u00f3n digital | Eco-friendly | Calidad premium | Edici\u00f3n limitada | Gij\u00f3n | Asturias","og_url":"https:\/\/www.nataliallunar.com\/?product=camiseta-original-ecologica-de-algodon-organico-220gr","og_site_name":"Natalia LLuNar","article_modified_time":"2024-04-16T15:57:46+00:00","og_image":[{"width":777,"height":822,"url":"https:\/\/www.nataliallunar.com\/wp-content\/uploads\/2024\/04\/DIAS-DE-REMEMBER-negra-1.jpg","type":"image\/jpeg"}],"twitter_card":"summary_large_image","twitter_misc":{"Tiempo de lectura":"3 minutos"},"schema":{"@context":"https:\/\/schema.org","@graph":[{"@type":"WebPage","@id":"https:\/\/www.nataliallunar.com\/?product=camiseta-original-ecologica-de-algodon-organico-220gr","url":"https:\/\/www.nataliallunar.com\/?product=camiseta-original-ecologica-de-algodon-organico-220gr","name":"CAMISETA de algod\u00f3n org\u00e1nico\/personalizada\/impresi\u00f3n digital por un lado CAMISETA de algod\u00f3n org\u00e1nico\/personalizada\/impresi\u00f3n digital por un lado \u00bb \"DIAS DE REMEMBER\" - Natalia LLuNar","isPartOf":{"@id":"https:\/\/www.nataliallunar.com\/#website"},"primaryImageOfPage":{"@id":"https:\/\/www.nataliallunar.com\/?product=camiseta-original-ecologica-de-algodon-organico-220gr#primaryimage"},"image":{"@id":"https:\/\/www.nataliallunar.com\/?product=camiseta-original-ecologica-de-algodon-organico-220gr#primaryimage"},"thumbnailUrl":"https:\/\/www.nataliallunar.com\/wp-content\/uploads\/2024\/04\/DIAS-DE-REMEMBER-negra-1.jpg","datePublished":"2024-04-16T15:35:52+00:00","dateModified":"2024-04-16T15:57:46+00:00","description":"Camiseta original de algod\u00f3n org\u00e1nico, personalizada con impresi\u00f3n digital | Eco-friendly | Calidad premium | Edici\u00f3n limitada | Gij\u00f3n | Asturias","breadcrumb":{"@id":"https:\/\/www.nataliallunar.com\/?product=camiseta-original-ecologica-de-algodon-organico-220gr#breadcrumb"},"inLanguage":"es","potentialAction":[{"@type":"ReadAction","target":["https:\/\/www.nataliallunar.com\/?product=camiseta-original-ecologica-de-algodon-organico-220gr"]}]},{"@type":"ImageObject","inLanguage":"es","@id":"https:\/\/www.nataliallunar.com\/?product=camiseta-original-ecologica-de-algodon-organico-220gr#primaryimage","url":"https:\/\/www.nataliallunar.com\/wp-content\/uploads\/2024\/04\/DIAS-DE-REMEMBER-negra-1.jpg","contentUrl":"https:\/\/www.nataliallunar.com\/wp-content\/uploads\/2024\/04\/DIAS-DE-REMEMBER-negra-1.jpg","width":777,"height":822,"caption":"camiseta original 11 Alley especial impresa a una cara mujer mujer bailando con pelayo asturias"},{"@type":"BreadcrumbList","@id":"https:\/\/www.nataliallunar.com\/?product=camiseta-original-ecologica-de-algodon-organico-220gr#breadcrumb","itemListElement":[{"@type":"ListItem","position":1,"name":"Portada","item":"https:\/\/www.nataliallunar.com\/"},{"@type":"ListItem","position":2,"name":"Shop","item":"https:\/\/www.nataliallunar.com\/?page_id=53"},{"@type":"ListItem","position":3,"name":"CAMISETA de algod\u00f3n org\u00e1nico\/personalizada\/impresi\u00f3n digital por un lado CAMISETA de algod\u00f3n org\u00e1nico\/personalizada\/impresi\u00f3n digital por un lado \u00bb \u00abDIAS DE REMEMBER\u00bb"}]},{"@type":"WebSite","@id":"https:\/\/www.nataliallunar.com\/#website","url":"https:\/\/www.nataliallunar.com\/","name":"Natalia LLuNar","description":"Dise&ntilde;o textil sostenible, reversible y modular","publisher":{"@id":"https:\/\/www.nataliallunar.com\/#organization"},"potentialAction":[{"@type":"SearchAction","target":{"@type":"EntryPoint","urlTemplate":"https:\/\/www.nataliallunar.com\/?s={search_term_string}"},"query-input":"required name=search_term_string"}],"inLanguage":"es"},{"@type":"Organization","@id":"https:\/\/www.nataliallunar.com\/#organization","name":"Natalia LLuNar","url":"https:\/\/www.nataliallunar.com\/","logo":{"@type":"ImageObject","inLanguage":"es","@id":"https:\/\/www.nataliallunar.com\/#\/schema\/logo\/image\/","url":"https:\/\/www.nataliallunar.com\/wp-content\/uploads\/2022\/07\/logo-web-rojo-verde-1.png","contentUrl":"https:\/\/www.nataliallunar.com\/wp-content\/uploads\/2022\/07\/logo-web-rojo-verde-1.png","width":145,"height":48,"caption":"Natalia LLuNar"},"image":{"@id":"https:\/\/www.nataliallunar.com\/#\/schema\/logo\/image\/"}}]}},"_links":{"self":[{"href":"https:\/\/www.nataliallunar.com\/index.php?rest_route=\/wp\/v2\/product\/10021","targetHints":{"allow":["GET"]}}],"collection":[{"href":"https:\/\/www.nataliallunar.com\/index.php?rest_route=\/wp\/v2\/product"}],"about":[{"href":"https:\/\/www.nataliallunar.com\/index.php?rest_route=\/wp\/v2\/types\/product"}],"replies":[{"embeddable":true,"href":"https:\/\/www.nataliallunar.com\/index.php?rest_route=%2Fwp%2Fv2%2Fcomments&post=10021"}],"wp:featuredmedia":[{"embeddable":true,"href":"https:\/\/www.nataliallunar.com\/index.php?rest_route=\/wp\/v2\/media\/10027"}],"wp:attachment":[{"href":"https:\/\/www.nataliallunar.com\/index.php?rest_route=%2Fwp%2Fv2%2Fmedia&parent=10021"}],"wp:term":[{"taxonomy":"product_cat","embeddable":true,"href":"https:\/\/www.nataliallunar.com\/index.php?rest_route=%2Fwp%2Fv2%2Fproduct_cat&post=10021"},{"taxonomy":"product_tag","embeddable":true,"href":"https:\/\/www.nataliallunar.com\/index.php?rest_route=%2Fwp%2Fv2%2Fproduct_tag&post=10021"}],"curies":[{"name":"wp","href":"https:\/\/api.w.org\/{rel}","templated":true}]}}